{"id":737,"date":"2014-04-11T09:29:23","date_gmt":"2014-04-11T09:29:23","guid":{"rendered":"https:\/\/www.canblau.net\/escola\/cursos\/edades-4-5-y-6-anos\/"},"modified":"2014-05-19T14:31:54","modified_gmt":"2014-05-19T14:31:54","slug":"edats-4-5-i-6-anys","status":"publish","type":"page","link":"https:\/\/www.canblau.net\/ca\/escola\/cursos\/edats-4-5-i-6-anys\/","title":{"rendered":"Edats 4, 5 i 6 anys"},"content":{"rendered":"<h2>Sensibilitzaci\u00f3<\/h2>\n<h3>El cicle de Sensibilitzaci\u00f3 t\u00e9 una durada de tres anys:<\/h3>\n<p>Sensibilitzaci\u00f3 4, per a infants de 4 anys, amb una hora setmanal<\/p>\n<p>Sensibilitzaci\u00f3 5, per a infants de 5 anys, amb una hora setmanal<\/p>\n<p>Sensibilitzaci\u00f3 6, per a infants de 6 anys, amb dues hores setmanals<\/p>\n<p>Can Blau pret\u00e9n apropar la m\u00fasica als alumnes quan s\u00f3n petits, ja que \u00e9s quan s\u00f3n m\u00e9s receptius. Les activitats did\u00e0ctico-musicals els permeten el contacte amb la m\u00fasica a trav\u00e9s del cant, el moviment, la dansa, la percussi\u00f3 corporal, etc.<\/p>\n<p>Els infants descobreixen els conceptes sonors com s\u00f3n el timbre, l\u2019altura, la intensitat i la durada. Aix\u00ed tornen sensibles a la m\u00fasica i reconeixen diferents ritmes. Durant els cursos aprenen a prestar atenci\u00f3 al m\u00f3n dels sons i a distingir-ne les qualitats, disposant d\u2019un espai per reunir les seves experi\u00e8ncies.<\/p>\n<h3>Quotes<\/h3>\n<div class=\"su-table su-table-alternate\">\n<table>\n<tbody>\n<tr>\n<td><\/td>\n<td><\/td>\n<td>Matr\u00edcula<\/td>\n<td>Mensualitat<\/td>\n<\/tr>\n<tr>\n<td>4 anys<\/td>\n<td>1 hora setmanal<\/td>\n<td>25\u20ac<\/td>\n<td>25\u20ac<\/td>\n<\/tr>\n<tr>\n<td>5 anys<\/td>\n<td>1 hora setmanal<\/td>\n<td>25\u20ac<\/td>\n<td>25\u20ac<\/td>\n<\/tr>\n<tr>\n<td>6 anys<\/td>\n<td>2 hores en 2 jornades setmanals<\/td>\n<td>30\u20ac<\/td>\n<td>30\u20ac<\/td>\n<\/tr>\n<\/tbody>\n<\/table>\n<\/div>\n<p>&nbsp;<\/p>\n<div class=\"su-table su-table-alternate\">\n<table>\n<tbody>\n<tr>\n<td><\/td>\n<td>\u00a0<strong>EMPADRONATS SANT JOSEP<\/strong><\/td>\n<td>Matr\u00edcula<\/td>\n<td>Mensualitat<\/td>\n<\/tr>\n<tr>\n<td>4 anys<\/td>\n<td>1 hora setmanal<\/td>\n<td>20\u20ac<\/td>\n<td>20\u20ac<\/td>\n<\/tr>\n<tr>\n<td>5 anys<\/td>\n<td>1 hora setmanal<\/td>\n<td>20\u20ac<\/td>\n<td>20\u20ac<\/td>\n<\/tr>\n<tr>\n<td>6 anys<\/td>\n<td>2 hores en 2 jornades setmanals<\/td>\n<td>25\u20ac<\/td>\n<td>25\u20ac<\/td>\n<\/tr>\n<\/tbody>\n<\/table>\n<\/div>\n<h3>M\u00e9s informaci\u00f3 i inscripcions<\/h3>\n<a href=\"https:\/\/www.canblau.net\/ca\/escola\/matricules-inscripcions\/\" class=\"su-button su-button-style-flat\" style=\"color:#FFFFFF;background-color:#084077;border-color:#073460;border-radius:8px\" target=\"_self\"><span style=\"color:#FFFFFF;padding:7px 22px;font-size:17px;line-height:26px;border-color:#537aa0;border-radius:8px;text-shadow:none\"><i class=\"sui sui-file-text-o\" style=\"font-size:17px;color:#FFFFFF\"><\/i> Anar a Matr\u00edcules i Inscripcions<\/span><\/a>\n","protected":false},"excerpt":{"rendered":"<p>Sensibilitzaci\u00f3 El cicle de Sensibilitzaci\u00f3 t\u00e9 una durada de tres anys: Sensibilitzaci\u00f3 4, per a infants de 4 anys, amb una hora setmanal Sensibilitzaci\u00f3 5, per a infants de 5 [&hellip;]<\/p>\n","protected":false},"author":1,"featured_media":505,"parent":720,"menu_order":0,"comment_status":"closed","ping_status":"closed","template":"","meta":{"footnotes":""},"class_list":["post-737","page","type-page","status-publish","has-post-thumbnail","hentry"],"_links":{"self":[{"href":"https:\/\/www.canblau.net\/ca\/wp-json\/wp\/v2\/pages\/737","targetHints":{"allow":["GET"]}}],"collection":[{"href":"https:\/\/www.canblau.net\/ca\/wp-json\/wp\/v2\/pages"}],"about":[{"href":"https:\/\/www.canblau.net\/ca\/wp-json\/wp\/v2\/types\/page"}],"author":[{"embeddable":true,"href":"https:\/\/www.canblau.net\/ca\/wp-json\/wp\/v2\/users\/1"}],"replies":[{"embeddable":true,"href":"https:\/\/www.canblau.net\/ca\/wp-json\/wp\/v2\/comments?post=737"}],"version-history":[{"count":0,"href":"https:\/\/www.canblau.net\/ca\/wp-json\/wp\/v2\/pages\/737\/revisions"}],"up":[{"embeddable":true,"href":"https:\/\/www.canblau.net\/ca\/wp-json\/wp\/v2\/pages\/720"}],"wp:featuredmedia":[{"embeddable":true,"href":"https:\/\/www.canblau.net\/ca\/wp-json\/wp\/v2\/media\/505"}],"wp:attachment":[{"href":"https:\/\/www.canblau.net\/ca\/wp-json\/wp\/v2\/media?parent=737"}],"curies":[{"name":"wp","href":"https:\/\/api.w.org\/{rel}","templated":true}]}}