{"id":720,"date":"2014-04-09T10:10:21","date_gmt":"2014-04-09T10:10:21","guid":{"rendered":"https:\/\/www.canblau.net\/escola\/cursos\/"},"modified":"2014-05-19T14:31:01","modified_gmt":"2014-05-19T14:31:01","slug":"cursos","status":"publish","type":"page","link":"https:\/\/www.canblau.net\/ca\/escola\/cursos\/","title":{"rendered":"Cursos"},"content":{"rendered":"<div class=\"su-row\"><div class=\"su-column su-column-size-1-2\"><div class=\"su-column-inner su-u-clearfix su-u-trim\">\n<h2 align=\"left\"><b>Sensibilitzaci\u00f3<\/b>, <b>per a infants de 4, 5 i 6 anys<\/b><\/h2>\n<p>Cantar, tocar i con\u00e8ixer instruments, jugar amb ritmes, sons, movi\u00adments, descobrir les capacitats de l\u2019o\u00efda, de la veu&#8230; Aix\u00f2 i molt m\u00e9s ofereix el cicle de Sensibilitzaci\u00f3 i, sobre tot, passar una bona estona amb la m\u00fasica.<\/p>\n<p><a title=\"Edats 4, 5 i 6 anys\" href=\"\/?page_id=737\">Veure informaci\u00f3 del curs<\/a><\/p>\n<\/div><\/div>\n<div class=\"su-column su-column-size-1-2\"><div class=\"su-column-inner su-u-clearfix su-u-trim\">\n<h2 align=\"left\"><b>Iniciaci\u00f3<\/b>, <b>per a infants de 7 anys<\/b><\/h2>\n<p>Els nens s\u2019inicien en el m\u00f3n de la m\u00fasica: comen\u00e7a l\u2019aprenentatge des de la base amb classes de teoria, alternades amb pr\u00e0ctiques instrumen\u00adtals, fent m\u00fasica en grup, cantant o tocant, i moltes coses m\u00e9s.<\/p>\n<p><a title=\"Edats 7 anys\" href=\"\/?page_id=740\">Veure informaci\u00f3 del curs<\/a><\/p>\n<\/div><\/div>\n<\/div>\n<div class=\"su-row\"><div class=\"su-column su-column-size-1-2\"><div class=\"su-column-inner su-u-clearfix su-u-trim\">\n<h2 align=\"left\"><b>Ensenyaments elementals<\/b>, a partir de 8 <b>anys<\/b><\/h2>\n<p align=\"left\">Profunditzar en els coneixements, aconseguir objectius, desenvolupar la pr\u00f2pia creativitat, compartir experi\u00e8ncies i il\u00b7lusi\u00f3 en el grup&#8230;<\/p>\n<p><a title=\"Edats 8 anys\" href=\"\/?page_id=744\">Veure informaci\u00f3 del curs<\/a><\/p>\n<\/div><\/div><div class=\"su-column su-column-size-1-2\"><div class=\"su-column-inner su-u-clearfix su-u-trim\">\n<h2 align=\"left\">Perfeccionament<\/h2>\n<p>Despr\u00e9s de l&#8217;estudi de l&#8217;Ensenyament Elemental, Can Blau ofereix un cicle de dos anys com a perfeccionament de la formaci\u00f3.<\/p>\n<p><a title=\"Curs de perfeccionament\" href=\"\/?page_id=732\">Veure informaci\u00f3 del curs<\/a><\/p>\n<\/div><\/div>\n<\/div>\n<div class=\"su-row\"><div class=\"su-column su-column-size-1-2\"><div class=\"su-column-inner su-u-clearfix su-u-trim\">\n<h2 align=\"left\">Adults, Grups de diferents nivells<\/h2>\n<p><a title=\"Adults\" href=\"\/?page_id=723\">Veure informaci\u00f3 del curs<\/a><\/p>\n<\/div><\/div>\n<div class=\"su-column su-column-size-1-2\"><div class=\"su-column-inner su-u-clearfix su-u-trim\">\n<h2 align=\"left\">Composici\u00f3 electr\u00f2nica<\/h2>\n<p><a title=\"Composici\u00f3 electr\u00f2nica\" href=\"\/?page_id=730\">Veure informaci\u00f3 del curs<\/a><\/p>\n<\/div><\/div><\/div>\n<div class=\"su-row\"><div class=\"su-column su-column-size-1-2\"><div class=\"su-column-inner su-u-clearfix su-u-trim\">\n<h2 align=\"left\">Alumnes externs<\/h2>\n<p>Aquelles persones que volen cantar en un cor poden fer-ho inscrivint-se, encara que no siguin alumnes de Can Blau.<\/p>\n<p><a title=\"Alumnes Externs Conjunts Vocals, Cors i Banda\" href=\"\/?page_id=728\">Veure informaci\u00f3 del curs<\/a><\/p>\n<\/div><\/div><\/div>\n","protected":false},"excerpt":{"rendered":"","protected":false},"author":1,"featured_media":0,"parent":133,"menu_order":0,"comment_status":"closed","ping_status":"closed","template":"page-templates\/page-foto.php","meta":{"footnotes":""},"class_list":["post-720","page","type-page","status-publish","hentry"],"_links":{"self":[{"href":"https:\/\/www.canblau.net\/ca\/wp-json\/wp\/v2\/pages\/720","targetHints":{"allow":["GET"]}}],"collection":[{"href":"https:\/\/www.canblau.net\/ca\/wp-json\/wp\/v2\/pages"}],"about":[{"href":"https:\/\/www.canblau.net\/ca\/wp-json\/wp\/v2\/types\/page"}],"author":[{"embeddable":true,"href":"https:\/\/www.canblau.net\/ca\/wp-json\/wp\/v2\/users\/1"}],"replies":[{"embeddable":true,"href":"https:\/\/www.canblau.net\/ca\/wp-json\/wp\/v2\/comments?post=720"}],"version-history":[{"count":0,"href":"https:\/\/www.canblau.net\/ca\/wp-json\/wp\/v2\/pages\/720\/revisions"}],"up":[{"embeddable":true,"href":"https:\/\/www.canblau.net\/ca\/wp-json\/wp\/v2\/pages\/133"}],"wp:attachment":[{"href":"https:\/\/www.canblau.net\/ca\/wp-json\/wp\/v2\/media?parent=720"}],"curies":[{"name":"wp","href":"https:\/\/api.w.org\/{rel}","templated":true}]}}