{"id":154,"date":"2014-04-09T10:12:27","date_gmt":"2014-04-09T10:12:27","guid":{"rendered":"https:\/\/www.canblau.net\/?page_id=154"},"modified":"2023-03-30T18:03:23","modified_gmt":"2023-03-30T16:03:23","slug":"banda-municipal","status":"publish","type":"page","link":"https:\/\/www.canblau.net\/ca\/agrupacions-instrumentals\/banda-municipal\/","title":{"rendered":"BANDA MUNICIPAL DE SANT JOSEP DE SA TALAIA"},"content":{"rendered":"<p style=\"text-align: justify;\">La Banda Municipal de Sant Josep de sa Talaia es va presentar en societat el 19 de juny de 2009 sota la direcci\u00f3 de Sebasti\u00e0 Roig Sirerol, inicialment amb un total de 37 m\u00fasics procedents de l&#8217;Escola de M\u00fasica de Can Blau que dirigeix Charlotte Look, i de les diferents localitats del municipi de Sant Josep de sa Talaia (Sant Josep de sa Talaia, Sant Agust\u00ed des Vedr\u00e0, Es Cubells i Sant Jordi de ses Salines).<br \/>\nAl juny de 2010, la Banda va estrenar ES VEDR\u00c0, composta per Jos\u00e9 Alberto Pina Picazo, obra encarregada pel director Sebasti\u00e0 Roig al citat compositor i va ser interpretada per primera vegada en el concert commemoratiu del 1.er Aniversari de la constituci\u00f3 de la Banda. Es Vedr\u00e0 ha estat editada per l&#8217;Editorial musical de Piles (Val\u00e8ncia).<br \/>\nL&#8217;agenda de la Banda Municipal de Sant Josep de sa Talaia \u00e9s molt \u00e0mplia. Al llarg de l&#8217;any ofereix un concert a les diferents localitats del municipi de Sant Josep.<br \/>\nL&#8217;agenda de la Banda Municipal de Sant Josep de sa Talaia \u00e9s molt \u00e0mplia. Al llarg de l&#8217;any ofereix un concert a les diferents localitats del municipi de Sant Josep.<br \/>\nA m\u00e9s ha realitzat diferents concerts per commemorar el bicentenari de la Constituci\u00f3 de Cadis organitzats pel &#8220;Consell d&#8217;Eivissa&#8221;, un intercanvi cultural amb la Uni\u00f3 Musical d&#8217;Ondara (Alacant) i ha participat en el I Festival Nacional de Bandes de Cartagena on realitzant un intercanvi amb l&#8217;Agrupaci\u00f3 Sauces de la Ciutat de Cartagena.<br \/>\nEn l&#8217;actualitat la banda est\u00e0 formada per 39 m\u00fasics, dirigits per Toni Pons.<\/p>\n<p>&nbsp;<\/p>\n<p>&nbsp;<\/p>\n<p>Enlaces Videos:<\/p>\n<p><iframe loading=\"lazy\" title=\"Apparitions    Brian Balmages\" width=\"474\" height=\"267\" src=\"https:\/\/www.youtube.com\/embed\/Zln_N-kPtzo?feature=oembed\" frameborder=\"0\" allow=\"accelerometer; autoplay; clipboard-write; encrypted-media; gyroscope; picture-in-picture; web-share\" referrerpolicy=\"strict-origin-when-cross-origin\" allowfullscreen><\/iframe><\/p>\n<p>&nbsp;<\/p>\n<p><a href=\"http:\/\/iframewidth=560height=315src=\/\/www.youtube.com\/embed\/fRJ_zz6FHEEframeborder=0allowfullscreen\/iframe\"><iframe loading=\"lazy\" src=\"\/\/www.youtube.com\/embed\/fRJ_zz6FHEE\" width=\"560\" height=\"315\" frameborder=\"0\" allowfullscreen=\"allowfullscreen\"><\/iframe><\/a><\/p>\n<p>&nbsp;<\/p>\n<p><a href=\"http:\/\/iframewidth=420height=315src=\/\/www.youtube.com\/embed\/eMdXLcKYApkframeborder=0allowfullscreen\/iframe\"><iframe loading=\"lazy\" src=\"\/\/www.youtube.com\/embed\/eMdXLcKYApk\" width=\"420\" height=\"315\" frameborder=\"0\" allowfullscreen=\"allowfullscreen\"><\/iframe><\/a><\/p>\n<p>&nbsp;<\/p>\n","protected":false},"excerpt":{"rendered":"<p>La Banda Municipal de Sant Josep de sa Talaia es va presentar en societat el 19 de juny de 2009 sota la direcci\u00f3 de Sebasti\u00e0 Roig Sirerol, inicialment amb un [&hellip;]<\/p>\n","protected":false},"author":1,"featured_media":26079,"parent":135,"menu_order":0,"comment_status":"closed","ping_status":"closed","template":"page-templates\/page-foto.php","meta":{"footnotes":""},"class_list":["post-154","page","type-page","status-publish","has-post-thumbnail","hentry"],"_links":{"self":[{"href":"https:\/\/www.canblau.net\/ca\/wp-json\/wp\/v2\/pages\/154","targetHints":{"allow":["GET"]}}],"collection":[{"href":"https:\/\/www.canblau.net\/ca\/wp-json\/wp\/v2\/pages"}],"about":[{"href":"https:\/\/www.canblau.net\/ca\/wp-json\/wp\/v2\/types\/page"}],"author":[{"embeddable":true,"href":"https:\/\/www.canblau.net\/ca\/wp-json\/wp\/v2\/users\/1"}],"replies":[{"embeddable":true,"href":"https:\/\/www.canblau.net\/ca\/wp-json\/wp\/v2\/comments?post=154"}],"version-history":[{"count":0,"href":"https:\/\/www.canblau.net\/ca\/wp-json\/wp\/v2\/pages\/154\/revisions"}],"up":[{"embeddable":true,"href":"https:\/\/www.canblau.net\/ca\/wp-json\/wp\/v2\/pages\/135"}],"wp:featuredmedia":[{"embeddable":true,"href":"https:\/\/www.canblau.net\/ca\/wp-json\/wp\/v2\/media\/26079"}],"wp:attachment":[{"href":"https:\/\/www.canblau.net\/ca\/wp-json\/wp\/v2\/media?parent=154"}],"curies":[{"name":"wp","href":"https:\/\/api.w.org\/{rel}","templated":true}]}}